{"id":744,"date":"2016-09-10T19:50:39","date_gmt":"2016-09-10T19:50:39","guid":{"rendered":"http:\/\/avada.theme-fusion.com\/law\/?page_id=744"},"modified":"2017-01-29T21:20:39","modified_gmt":"2017-01-29T21:20:39","slug":"kontakt","status":"publish","type":"page","link":"https:\/\/www.wexfm.pl\/index.php\/kontakt\/","title":{"rendered":"Kontakt"},"content":{"rendered":"<div class=\"fusion-fullwidth fullwidth-box fusion-builder-row-1 nonhundred-percent-fullwidth non-hundred-percent-height-scrolling fusion-equal-height-columns\" style=\"background-color: rgba(255,255,255,0);background-position: left top;background-repeat: no-repeat;padding-top:110px;padding-right:0px;padding-bottom:100px;padding-left:0px;margin-bottom: 0px;margin-top: 0px;border-width: 0px 0px 0px 0px;border-color:#eae9e9;border-style:solid;\" ><div class=\"fusion-builder-row fusion-row\"><div class=\"fusion-layout-column fusion_builder_column fusion-builder-column-0 fusion_builder_column_1_1 1_1 fusion-one-full fusion-column-first fusion-column-last fusion-column-no-min-height\" style=\"margin-top:0px;margin-bottom:0px;\"><div class=\"fusion-column-wrapper fusion-flex-column-wrapper-legacy\" style=\"background-position:left top;background-repeat:no-repeat;-webkit-background-size:cover;-moz-background-size:cover;-o-background-size:cover;background-size:cover;padding: 0px 0px 0px 0px;\"><div class=\"fusion-text fusion-text-1\"><h2 style=\"text-align: center;\">WEX FACILITY MANAGEMENT<\/h2>\n<h3 style=\"text-align: center;\">MOBILNY ZARZ\u0104DCA NIERUCHOMO\u015aCI<\/h3>\n<\/div><div class=\"fusion-text fusion-text-2\"><h4 style=\"text-align: center;\">NAPISZ DO NAS JU\u017b TERAZ ABY NASI EKSPERCI MOGLI JAK NAJSZYBCIEJ ODPOWIEDZIE\u0106 NA PYTANIA<\/h4>\n<\/div><div class=\"fusion-sep-clear\"><\/div><div class=\"fusion-separator\" style=\"margin-left: auto;margin-right: auto;margin-top:25px;margin-bottom:25px;width:100%;max-width:50%;\"><\/div><div class=\"fusion-sep-clear\"><\/div><div class=\"fusion-text fusion-text-3\"><p style=\"text-align: center;\">Jako jedyny dostawca us\u0142ug Facility Management, WEX FM oferuje mobiln\u0105 obs\u0142ug\u0119 nieruchomo\u015bci na zasadzie &#8222;Off Site&#8221; gdzie nasi pracownicy pojawiaj\u0105 si\u0119 na obiekcie tylko wtedy kiedy jest taka potrzeba. Model ten zosta\u0142 wielokrotnie sprawdzony i potwierdza mo\u017cliwo\u015b\u0107 p\u0142ynnego zarz\u0105dzania budynkiem, jego infrastruktur\u0105 daj\u0105c przy tym wymierne oszcz\u0119dno\u015bci dla w\u0142a\u015bcicieli nieruchomo\u015bci. To dla naszych Klient\u00f3w dostosowujemy modele biznesowe i szyjemy wszystkie serwisy na miar\u0119 tak aby m\u00f3c w 100% zaspokoi\u0107 wszystkie potrzeby Pa\u0144stwa personelu jak i budynk\u00f3w. Za wszystkim tym stoi grupa ekspert\u00f3w, kt\u00f3rzy z pasj\u0105 do tego co robi\u0105, zaprojektuj\u0105 pakiety serwisowe i wykonaj\u0105 wszystkie z poleconych im zada\u0144. W tym co robimy jeste\u015bmy profesjonalistami. Doradzamy, planujemy oraz wykonujemy pod klucz. Zapraszamy do wsp\u00f3\u0142pracy.<\/p>\n<\/div><div class=\"fusion-sep-clear\"><\/div><div class=\"fusion-separator\" style=\"margin-left: auto;margin-right: auto;margin-top:50px;margin-bottom:50px;width:100%;max-width:50%;\"><\/div><div class=\"fusion-sep-clear\"><\/div><div class=\"fusion-clearfix\"><\/div><\/div><\/div><div class=\"fusion-layout-column fusion_builder_column fusion-builder-column-1 fusion_builder_column_1_1 1_1 fusion-one-full fusion-column-first fusion-column-last green-border rounded-border\" style=\"margin-top:0px;margin-bottom:20px;\"><div class=\"fusion-column-wrapper fusion-flex-column-wrapper-legacy\" style=\"background-position:left top;background-repeat:no-repeat;-webkit-background-size:cover;-moz-background-size:cover;-o-background-size:cover;background-size:cover;background-color:#ffffff;border:1px solid #e2e2e2;padding: 40px 60px 20px;\"><div class=\"fusion-sep-clear\"><\/div><div class=\"fusion-separator fusion-full-width-sep\" style=\"margin-left: auto;margin-right: auto;margin-top:20px;width:100%;\"><\/div><div class=\"fusion-sep-clear\"><\/div><div class=\"fusion-content-boxes content-boxes columns row fusion-columns-4 fusion-columns-total-4 fusion-content-boxes-1 content-boxes-icon-on-top content-left\" data-animationOffset=\"top-into-view\" style=\"margin-top:0px;margin-bottom:20px;\"><style type=\"text\/css\">.fusion-content-boxes-1 .heading .content-box-heading {color:#213284;}\n\t\t\t\t\t.fusion-content-boxes-1 .fusion-content-box-hover .link-area-link-icon-hover .heading .content-box-heading,\n\t\t\t\t\t.fusion-content-boxes-1 .fusion-content-box-hover .link-area-link-icon-hover .heading .heading-link .content-box-heading,\n\t\t\t\t\t.fusion-content-boxes-1 .fusion-content-box-hover .link-area-box-hover .heading .content-box-heading,\n\t\t\t\t\t.fusion-content-boxes-1 .fusion-content-box-hover .link-area-box-hover .heading .heading-link .content-box-heading,\n\t\t\t\t\t.fusion-content-boxes-1 .fusion-content-box-hover .link-area-link-icon-hover.link-area-box .fusion-read-more,\n\t\t\t\t\t.fusion-content-boxes-1 .fusion-content-box-hover .link-area-link-icon-hover.link-area-box .fusion-read-more::after,\n\t\t\t\t\t.fusion-content-boxes-1 .fusion-content-box-hover .link-area-link-icon-hover.link-area-box .fusion-read-more::before,\n\t\t\t\t\t.fusion-content-boxes-1 .fusion-content-box-hover .fusion-read-more:hover:after,\n\t\t\t\t\t.fusion-content-boxes-1 .fusion-content-box-hover .fusion-read-more:hover:before,\n\t\t\t\t\t.fusion-content-boxes-1 .fusion-content-box-hover .fusion-read-more:hover,\n\t\t\t\t\t.fusion-content-boxes-1 .fusion-content-box-hover .link-area-box-hover.link-area-box .fusion-read-more,\n\t\t\t\t\t.fusion-content-boxes-1 .fusion-content-box-hover .link-area-box-hover.link-area-box .fusion-read-more::after,\n\t\t\t\t\t.fusion-content-boxes-1 .fusion-content-box-hover .link-area-box-hover.link-area-box .fusion-read-more::before,\n\t\t\t\t\t.fusion-content-boxes-1 .fusion-content-box-hover .link-area-link-icon-hover .icon .circle-no,\n\t\t\t\t\t.fusion-content-boxes-1 .heading .heading-link:hover .content-box-heading {\n\t\t\t\t\t\tcolor: #e6427e;\n\t\t\t\t\t}\n\t\t\t\t\t.fusion-content-boxes-1 .fusion-content-box-hover .link-area-box-hover .icon .circle-no {\n\t\t\t\t\t\tcolor: #e6427e !important;\n\t\t\t\t\t}.fusion-content-boxes-1 .fusion-content-box-hover .link-area-box.link-area-box-hover .fusion-content-box-button {background: #e6427e;color: #ffffff;}.fusion-content-boxes-1 .fusion-content-box-hover .link-area-box.link-area-box-hover .fusion-content-box-button .fusion-button-text {color: #ffffff;}\n\t\t\t\t\t.fusion-content-boxes-1 .fusion-content-box-hover .link-area-link-icon-hover .heading .icon > span {\n\t\t\t\t\t\tbackground-color: transparent !important;\n\t\t\t\t\t}\n\t\t\t\t\t.fusion-content-boxes-1 .fusion-content-box-hover .link-area-box-hover .heading .icon > span {\n\t\t\t\t\t\tborder-color: #e6427e !important;\n\t\t\t\t\t}<\/style><div class=\"fusion-column content-box-column content-box-column content-box-column-1 col-lg-3 col-md-3 col-sm-3 fusion-content-box-hover content-box-column-first-in-row\"><div class=\"col content-box-wrapper content-wrapper link-area-box icon-hover-animation-slide\" style=\"background-color:rgba(255,255,255,0);\" data-animationOffset=\"top-into-view\"><div class=\"heading heading-with-icon icon-left\"><div class=\"icon\"><i style=\"background-color:transparent;border-color:transparent;height:auto;width: 44px;line-height:normal;color:#e6427e;font-size:44px;\" aria-hidden=\"true\" class=\"fontawesome-icon fa fa-home circle-no\"><\/i><\/div><h2 class=\"content-box-heading\" style=\"font-size:18px;line-height:23px;\">Dane Adresowe<\/h2><\/div><div class=\"fusion-clearfix\"><\/div><div class=\"content-container\" style=\"color:#213284;\">\n<p style=\"text-align: center;\">WEX Facility Management Sp. z o.o.<br \/>\nul. Langiewicza 7\/3, 58-105 \u015awidnica, Polska<br \/>\nNIP: 8842769165<br \/>\nREGON:\u00a0365554550<br \/>\nKRS: 0000639998<\/p>\n<\/div><\/div><\/div><div class=\"fusion-column content-box-column content-box-column content-box-column-2 col-lg-3 col-md-3 col-sm-3 fusion-content-box-hover \"><div class=\"col content-box-wrapper content-wrapper link-area-box icon-hover-animation-slide\" style=\"background-color:rgba(255,255,255,0);\" data-animationOffset=\"top-into-view\"><div class=\"heading heading-with-icon icon-left\"><div class=\"icon\"><i style=\"background-color:transparent;border-color:transparent;height:auto;width: 44px;line-height:normal;color:#e6427e;font-size:44px;\" aria-hidden=\"true\" class=\"fontawesome-icon fa fa-clock-o circle-no\"><\/i><\/div><h2 class=\"content-box-heading\" style=\"font-size:18px;line-height:23px;\">Godziny Otwarcia<\/h2><\/div><div class=\"fusion-clearfix\"><\/div><div class=\"content-container\" style=\"color:#213284;\">\n<p style=\"text-align: center;\">Zapraszamy:<\/p>\n<p style=\"text-align: center;\">od Poniedzia\u0142ku do Pi\u0105tku w godzinach 8 &#8211; 16<\/p>\n<\/div><\/div><\/div><div class=\"fusion-column content-box-column content-box-column content-box-column-3 col-lg-3 col-md-3 col-sm-3 fusion-content-box-hover \"><div class=\"col content-box-wrapper content-wrapper link-area-box icon-hover-animation-slide\" style=\"background-color:rgba(255,255,255,0);\" data-animationOffset=\"top-into-view\"><div class=\"heading heading-with-icon icon-left\"><div class=\"icon\"><i style=\"background-color:transparent;border-color:transparent;height:auto;width: 44px;line-height:normal;color:#e6427e;font-size:44px;\" aria-hidden=\"true\" class=\"fontawesome-icon fa fa-phone circle-no\"><\/i><\/div><h2 class=\"content-box-heading\" style=\"font-size:18px;line-height:23px;\">Kontakt Telefoniczny<\/h2><\/div><div class=\"fusion-clearfix\"><\/div><div class=\"content-container\" style=\"color:#213284;\">\n<p style=\"text-align: center;\">Biuro: +48 71 711 4301<\/p>\n<p style=\"text-align: center;\">Tel. Kom.: +48 796 210 115<\/p>\n<\/div><\/div><\/div><div class=\"fusion-column content-box-column content-box-column content-box-column-4 col-lg-3 col-md-3 col-sm-3 fusion-content-box-hover content-box-column-last content-box-column-last-in-row\"><div class=\"col content-box-wrapper content-wrapper link-area-box icon-hover-animation-slide\" style=\"background-color:rgba(255,255,255,0);\" data-animationOffset=\"top-into-view\"><div class=\"heading heading-with-icon icon-left\"><div class=\"icon\"><i style=\"background-color:transparent;border-color:transparent;height:auto;width: 44px;line-height:normal;color:#e6427e;font-size:44px;\" aria-hidden=\"true\" class=\"fontawesome-icon fa fa-envelope-o circle-no\"><\/i><\/div><h2 class=\"content-box-heading\" style=\"font-size:18px;line-height:23px;\">Kontakt Email<\/h2><\/div><div class=\"fusion-clearfix\"><\/div><div class=\"content-container\" style=\"color:#213284;\">\n<p style=\"text-align: center;\"><a href=\"mailto:info@wexfm.pl\">info@wexfm.pl<\/a><br \/>\n<a href=\"mailto:biuro@wexfm.pl\">biuro@wexfm.pl<\/a><\/p>\n<\/div><\/div><\/div><style type=\"text\/css\">\n\t\t\t\t\t\t.fusion-content-boxes-1 .fusion-content-box-hover .heading-link:hover .icon i.circle-yes,\n\t\t\t\t\t\t.fusion-content-boxes-1 .fusion-content-box-hover .link-area-box:hover .heading-link .icon i.circle-yes,\n\t\t\t\t\t\t.fusion-content-boxes-1 .fusion-content-box-hover .link-area-link-icon-hover .heading .icon i.circle-yes,\n\t\t\t\t\t\t.fusion-content-boxes-1 .fusion-content-box-hover .link-area-box-hover .heading .icon i.circle-yes {\n\t\t\t\t\t\t\tbackground-color: transparent !important;\n\t\t\t\t\t\t\tborder-color: #e6427e !important;\n\t\t\t\t\t\t}<\/style><div class=\"fusion-clearfix\"><\/div><\/div><div class=\"fusion-clearfix\"><\/div><\/div><\/div><div class=\"fusion-layout-column fusion_builder_column fusion-builder-column-2 fusion_builder_column_1_1 1_1 fusion-one-full fusion-column-first fusion-column-last fusion-column-no-min-height\" style=\"margin-top:0px;margin-bottom:0px;\"><div class=\"fusion-column-wrapper fusion-flex-column-wrapper-legacy\" style=\"background-position:left top;background-repeat:no-repeat;-webkit-background-size:cover;-moz-background-size:cover;-o-background-size:cover;background-size:cover;padding: 0px 0px 0px 0px;\"><div class=\"fusion-sep-clear\"><\/div><div class=\"fusion-separator\" style=\"margin-left: auto;margin-right: auto;margin-top:50px;margin-bottom:50px;width:100%;max-width:50%;\"><\/div><div class=\"fusion-sep-clear\"><\/div><div class=\"fusion-text fusion-text-4\"><h2 style=\"text-align: center;\">WEX FM &#8211; DLA BIZNESU DOSTARCZAMY ROZWI\u0104ZANIA W KA\u017bDEJ TEMATYCE ZWI\u0104ZANEJ Z KOMPLEKSOWYM ZARZ\u0104DZANIEM NIERUCHOMO\u015aCIAMI. JESTE\u015aMY TUTAJ DLA WAS<\/h2>\n<\/div><div class=\"fusion-sep-clear\"><\/div><div class=\"fusion-separator\" style=\"margin-left: auto;margin-right: auto;margin-top:50px;margin-bottom:50px;width:100%;max-width:50%;\"><\/div><div class=\"fusion-sep-clear\"><\/div><div class=\"fusion-clearfix\"><\/div><\/div><\/div><div class=\"fusion-layout-column fusion_builder_column fusion-builder-column-3 fusion_builder_column_1_2 1_2 fusion-one-half fusion-column-first\" style=\"width:48%; margin-right: 4%;margin-top:0px;margin-bottom:20px;\"><div class=\"fusion-column-wrapper fusion-flex-column-wrapper-legacy\" style=\"background-position:left top;background-repeat:no-repeat;-webkit-background-size:cover;-moz-background-size:cover;-o-background-size:cover;background-size:cover;background-color:#ffffff;border:1px solid #e2e2e2;padding: 0px 0px 0px 0px;\"><div class=\"fusion-text fusion-text-5\"><p style=\"text-align: center;\"><img decoding=\"async\" class=\"alignnone wp-image-1199 size-full\" src=\"https:\/\/www.wexfm.pl\/wp-content\/uploads\/2015\/02\/Pozostale-Serwisy-120x120-6.jpg\" alt=\"WEX Facility Management\" width=\"120\" height=\"120\" srcset=\"https:\/\/www.wexfm.pl\/wp-content\/uploads\/2015\/02\/Pozostale-Serwisy-120x120-6-66x66.jpg 66w, https:\/\/www.wexfm.pl\/wp-content\/uploads\/2015\/02\/Pozostale-Serwisy-120x120-6.jpg 120w\" sizes=\"(max-width: 120px) 100vw, 120px\" \/><\/p>\n<p style=\"text-align: center;\">Nasi Eksperci czekaj\u0105 na Pa\u0144stwa pytania. Domen\u0105 WEX jest jego profesjonalne podej\u015bcie do Klienta i ch\u0119\u0107 dawania satysfakcji.<\/p>\n<\/div><div class=\"fusion-clearfix\"><\/div><\/div><\/div><div class=\"fusion-layout-column fusion_builder_column fusion-builder-column-4 fusion_builder_column_1_2 1_2 fusion-one-half fusion-column-last\" style=\"width:48%;margin-top:0px;margin-bottom:20px;\"><div class=\"fusion-column-wrapper fusion-flex-column-wrapper-legacy\" style=\"background-position:left top;background-repeat:no-repeat;-webkit-background-size:cover;-moz-background-size:cover;-o-background-size:cover;background-size:cover;background-color:#ffffff;border:1px solid #e2e2e2;padding: 0px 0px 0px 0px;\"><div class=\"fusion-text fusion-text-6\"><p style=\"text-align: center;\"><img decoding=\"async\" class=\"alignnone size-full wp-image-1195\" src=\"https:\/\/www.wexfm.pl\/wp-content\/uploads\/2015\/02\/Pozostale-Serwisy-120x120-3.jpg\" alt=\"WEX Najlepszy Serwis na Rynku\" width=\"120\" height=\"120\" srcset=\"https:\/\/www.wexfm.pl\/wp-content\/uploads\/2015\/02\/Pozostale-Serwisy-120x120-3-66x66.jpg 66w, https:\/\/www.wexfm.pl\/wp-content\/uploads\/2015\/02\/Pozostale-Serwisy-120x120-3.jpg 120w\" sizes=\"(max-width: 120px) 100vw, 120px\" \/><\/p>\n<p style=\"text-align: center;\">W WEX zawsze szukamy najlepszych rozwi\u0105za\u0144. Nasze serwisy szyjemy na miar\u0119 z my\u015bl\u0105 o naszych Klientach do kt\u00f3rych zawsze podchodzimy indywidualnie<\/p>\n<\/div><div class=\"fusion-clearfix\"><\/div><\/div><\/div><\/div><\/div>\n","protected":false},"excerpt":{"rendered":"","protected":false},"author":1,"featured_media":0,"parent":0,"menu_order":0,"comment_status":"closed","ping_status":"open","template":"contact.php","meta":{"footnotes":""},"class_list":["post-744","page","type-page","status-publish","hentry"],"yoast_head":"<!-- This site is optimized with the Yoast SEO plugin v27.5 - https:\/\/yoast.com\/product\/yoast-seo-wordpress\/ -->\n<title>Kontakt | WEX Facility Management | Mobilny Zarz\u0105dca Nieruchomo\u015bci<\/title>\n<meta name=\"description\" content=\"WEX Facility Management to Tw\u00f3j mobilny zarz\u0105dca nieruchomo\u015bci. Kompleksowo zarz\u0105dzamy budynkami w zakresie Facility Management. Zapro\u015b nas do wsp\u00f3\u0142pracy.\" \/>\n<meta name=\"robots\" content=\"index, follow, max-snippet:-1, max-image-preview:large, max-video-preview:-1\" \/>\n<link rel=\"canonical\" href=\"https:\/\/www.wexfm.pl\/index.php\/kontakt\/\" \/>\n<meta property=\"og:locale\" content=\"pl_PL\" \/>\n<meta property=\"og:type\" content=\"article\" \/>\n<meta property=\"og:title\" content=\"Kontakt | WEX Facility Management | Mobilny Zarz\u0105dca Nieruchomo\u015bci\" \/>\n<meta property=\"og:description\" content=\"WEX Facility Management to Tw\u00f3j mobilny zarz\u0105dca nieruchomo\u015bci. Kompleksowo zarz\u0105dzamy budynkami w zakresie Facility Management. Zapro\u015b nas do wsp\u00f3\u0142pracy.\" \/>\n<meta property=\"og:url\" content=\"https:\/\/www.wexfm.pl\/index.php\/kontakt\/\" \/>\n<meta property=\"og:site_name\" content=\"Mobilny Zarz\u0105dca Nieruchomo\u015bci | WEX Facility Management\" \/>\n<meta property=\"article:publisher\" content=\"https:\/\/www.facebook.com\/wexfm\/\" \/>\n<meta property=\"article:modified_time\" content=\"2017-01-29T21:20:39+00:00\" \/>\n<meta property=\"og:image\" content=\"https:\/\/www.wexfm.pl\/wp-content\/uploads\/2015\/02\/Pozostale-Serwisy-120x120-6.jpg\" \/>\n<meta name=\"twitter:card\" content=\"summary_large_image\" \/>\n<meta name=\"twitter:site\" content=\"@wex_fm\" \/>\n<meta name=\"twitter:label1\" content=\"Szacowany czas czytania\" \/>\n\t<meta name=\"twitter:data1\" content=\"5 minut\" \/>\n<script type=\"application\/ld+json\" class=\"yoast-schema-graph\">{\"@context\":\"https:\\\/\\\/schema.org\",\"@graph\":[{\"@type\":\"WebPage\",\"@id\":\"https:\\\/\\\/www.wexfm.pl\\\/index.php\\\/kontakt\\\/\",\"url\":\"https:\\\/\\\/www.wexfm.pl\\\/index.php\\\/kontakt\\\/\",\"name\":\"Kontakt | WEX Facility Management | Mobilny Zarz\u0105dca Nieruchomo\u015bci\",\"isPartOf\":{\"@id\":\"https:\\\/\\\/www.wexfm.pl\\\/#website\"},\"primaryImageOfPage\":{\"@id\":\"https:\\\/\\\/www.wexfm.pl\\\/index.php\\\/kontakt\\\/#primaryimage\"},\"image\":{\"@id\":\"https:\\\/\\\/www.wexfm.pl\\\/index.php\\\/kontakt\\\/#primaryimage\"},\"thumbnailUrl\":\"https:\\\/\\\/www.wexfm.pl\\\/wp-content\\\/uploads\\\/2015\\\/02\\\/Pozostale-Serwisy-120x120-6.jpg\",\"datePublished\":\"2016-09-10T19:50:39+00:00\",\"dateModified\":\"2017-01-29T21:20:39+00:00\",\"description\":\"WEX Facility Management to Tw\u00f3j mobilny zarz\u0105dca nieruchomo\u015bci. Kompleksowo zarz\u0105dzamy budynkami w zakresie Facility Management. Zapro\u015b nas do wsp\u00f3\u0142pracy.\",\"breadcrumb\":{\"@id\":\"https:\\\/\\\/www.wexfm.pl\\\/index.php\\\/kontakt\\\/#breadcrumb\"},\"inLanguage\":\"pl-PL\",\"potentialAction\":[{\"@type\":\"ReadAction\",\"target\":[\"https:\\\/\\\/www.wexfm.pl\\\/index.php\\\/kontakt\\\/\"]}]},{\"@type\":\"ImageObject\",\"inLanguage\":\"pl-PL\",\"@id\":\"https:\\\/\\\/www.wexfm.pl\\\/index.php\\\/kontakt\\\/#primaryimage\",\"url\":\"https:\\\/\\\/www.wexfm.pl\\\/wp-content\\\/uploads\\\/2015\\\/02\\\/Pozostale-Serwisy-120x120-6.jpg\",\"contentUrl\":\"https:\\\/\\\/www.wexfm.pl\\\/wp-content\\\/uploads\\\/2015\\\/02\\\/Pozostale-Serwisy-120x120-6.jpg\"},{\"@type\":\"BreadcrumbList\",\"@id\":\"https:\\\/\\\/www.wexfm.pl\\\/index.php\\\/kontakt\\\/#breadcrumb\",\"itemListElement\":[{\"@type\":\"ListItem\",\"position\":1,\"name\":\"Home\",\"item\":\"https:\\\/\\\/www.wexfm.pl\\\/\"},{\"@type\":\"ListItem\",\"position\":2,\"name\":\"Kontakt\"}]},{\"@type\":\"WebSite\",\"@id\":\"https:\\\/\\\/www.wexfm.pl\\\/#website\",\"url\":\"https:\\\/\\\/www.wexfm.pl\\\/\",\"name\":\"Mobilny Zarz\u0105dca Nieruchomo\u015bci | WEX Facility Management\",\"description\":\"Zintegrowane us\u0142ugi Facility Management | Wsparcie Proces\u00f3w Produkcyjnych\",\"publisher\":{\"@id\":\"https:\\\/\\\/www.wexfm.pl\\\/#organization\"},\"potentialAction\":[{\"@type\":\"SearchAction\",\"target\":{\"@type\":\"EntryPoint\",\"urlTemplate\":\"https:\\\/\\\/www.wexfm.pl\\\/?s={search_term_string}\"},\"query-input\":{\"@type\":\"PropertyValueSpecification\",\"valueRequired\":true,\"valueName\":\"search_term_string\"}}],\"inLanguage\":\"pl-PL\"},{\"@type\":\"Organization\",\"@id\":\"https:\\\/\\\/www.wexfm.pl\\\/#organization\",\"name\":\"WEX Facility Management Sp. z o.o. | Wsparcie Proces\u00f3w Przemys\u0142owych\",\"url\":\"https:\\\/\\\/www.wexfm.pl\\\/\",\"logo\":{\"@type\":\"ImageObject\",\"inLanguage\":\"pl-PL\",\"@id\":\"https:\\\/\\\/www.wexfm.pl\\\/#\\\/schema\\\/logo\\\/image\\\/\",\"url\":\"https:\\\/\\\/www.wexfm.pl\\\/wp-content\\\/uploads\\\/2016\\\/07\\\/Logo_WEX_Facility_Managment.png\",\"contentUrl\":\"https:\\\/\\\/www.wexfm.pl\\\/wp-content\\\/uploads\\\/2016\\\/07\\\/Logo_WEX_Facility_Managment.png\",\"width\":266,\"height\":79,\"caption\":\"WEX Facility Management Sp. z o.o. | Wsparcie Proces\u00f3w Przemys\u0142owych\"},\"image\":{\"@id\":\"https:\\\/\\\/www.wexfm.pl\\\/#\\\/schema\\\/logo\\\/image\\\/\"},\"sameAs\":[\"https:\\\/\\\/www.facebook.com\\\/wexfm\\\/\",\"https:\\\/\\\/x.com\\\/wex_fm\",\"https:\\\/\\\/www.linkedin.com\\\/company\\\/wex_facility\\\/\"]}]}<\/script>\n<!-- \/ Yoast SEO plugin. -->","yoast_head_json":{"title":"Kontakt | WEX Facility Management | Mobilny Zarz\u0105dca Nieruchomo\u015bci","description":"WEX Facility Management to Tw\u00f3j mobilny zarz\u0105dca nieruchomo\u015bci. Kompleksowo zarz\u0105dzamy budynkami w zakresie Facility Management. Zapro\u015b nas do wsp\u00f3\u0142pracy.","robots":{"index":"index","follow":"follow","max-snippet":"max-snippet:-1","max-image-preview":"max-image-preview:large","max-video-preview":"max-video-preview:-1"},"canonical":"https:\/\/www.wexfm.pl\/index.php\/kontakt\/","og_locale":"pl_PL","og_type":"article","og_title":"Kontakt | WEX Facility Management | Mobilny Zarz\u0105dca Nieruchomo\u015bci","og_description":"WEX Facility Management to Tw\u00f3j mobilny zarz\u0105dca nieruchomo\u015bci. Kompleksowo zarz\u0105dzamy budynkami w zakresie Facility Management. Zapro\u015b nas do wsp\u00f3\u0142pracy.","og_url":"https:\/\/www.wexfm.pl\/index.php\/kontakt\/","og_site_name":"Mobilny Zarz\u0105dca Nieruchomo\u015bci | WEX Facility Management","article_publisher":"https:\/\/www.facebook.com\/wexfm\/","article_modified_time":"2017-01-29T21:20:39+00:00","og_image":[{"url":"https:\/\/www.wexfm.pl\/wp-content\/uploads\/2015\/02\/Pozostale-Serwisy-120x120-6.jpg","type":"","width":"","height":""}],"twitter_card":"summary_large_image","twitter_site":"@wex_fm","twitter_misc":{"Szacowany czas czytania":"5 minut"},"schema":{"@context":"https:\/\/schema.org","@graph":[{"@type":"WebPage","@id":"https:\/\/www.wexfm.pl\/index.php\/kontakt\/","url":"https:\/\/www.wexfm.pl\/index.php\/kontakt\/","name":"Kontakt | WEX Facility Management | Mobilny Zarz\u0105dca Nieruchomo\u015bci","isPartOf":{"@id":"https:\/\/www.wexfm.pl\/#website"},"primaryImageOfPage":{"@id":"https:\/\/www.wexfm.pl\/index.php\/kontakt\/#primaryimage"},"image":{"@id":"https:\/\/www.wexfm.pl\/index.php\/kontakt\/#primaryimage"},"thumbnailUrl":"https:\/\/www.wexfm.pl\/wp-content\/uploads\/2015\/02\/Pozostale-Serwisy-120x120-6.jpg","datePublished":"2016-09-10T19:50:39+00:00","dateModified":"2017-01-29T21:20:39+00:00","description":"WEX Facility Management to Tw\u00f3j mobilny zarz\u0105dca nieruchomo\u015bci. Kompleksowo zarz\u0105dzamy budynkami w zakresie Facility Management. Zapro\u015b nas do wsp\u00f3\u0142pracy.","breadcrumb":{"@id":"https:\/\/www.wexfm.pl\/index.php\/kontakt\/#breadcrumb"},"inLanguage":"pl-PL","potentialAction":[{"@type":"ReadAction","target":["https:\/\/www.wexfm.pl\/index.php\/kontakt\/"]}]},{"@type":"ImageObject","inLanguage":"pl-PL","@id":"https:\/\/www.wexfm.pl\/index.php\/kontakt\/#primaryimage","url":"https:\/\/www.wexfm.pl\/wp-content\/uploads\/2015\/02\/Pozostale-Serwisy-120x120-6.jpg","contentUrl":"https:\/\/www.wexfm.pl\/wp-content\/uploads\/2015\/02\/Pozostale-Serwisy-120x120-6.jpg"},{"@type":"BreadcrumbList","@id":"https:\/\/www.wexfm.pl\/index.php\/kontakt\/#breadcrumb","itemListElement":[{"@type":"ListItem","position":1,"name":"Home","item":"https:\/\/www.wexfm.pl\/"},{"@type":"ListItem","position":2,"name":"Kontakt"}]},{"@type":"WebSite","@id":"https:\/\/www.wexfm.pl\/#website","url":"https:\/\/www.wexfm.pl\/","name":"Mobilny Zarz\u0105dca Nieruchomo\u015bci | WEX Facility Management","description":"Zintegrowane us\u0142ugi Facility Management | Wsparcie Proces\u00f3w Produkcyjnych","publisher":{"@id":"https:\/\/www.wexfm.pl\/#organization"},"potentialAction":[{"@type":"SearchAction","target":{"@type":"EntryPoint","urlTemplate":"https:\/\/www.wexfm.pl\/?s={search_term_string}"},"query-input":{"@type":"PropertyValueSpecification","valueRequired":true,"valueName":"search_term_string"}}],"inLanguage":"pl-PL"},{"@type":"Organization","@id":"https:\/\/www.wexfm.pl\/#organization","name":"WEX Facility Management Sp. z o.o. | Wsparcie Proces\u00f3w Przemys\u0142owych","url":"https:\/\/www.wexfm.pl\/","logo":{"@type":"ImageObject","inLanguage":"pl-PL","@id":"https:\/\/www.wexfm.pl\/#\/schema\/logo\/image\/","url":"https:\/\/www.wexfm.pl\/wp-content\/uploads\/2016\/07\/Logo_WEX_Facility_Managment.png","contentUrl":"https:\/\/www.wexfm.pl\/wp-content\/uploads\/2016\/07\/Logo_WEX_Facility_Managment.png","width":266,"height":79,"caption":"WEX Facility Management Sp. z o.o. | Wsparcie Proces\u00f3w Przemys\u0142owych"},"image":{"@id":"https:\/\/www.wexfm.pl\/#\/schema\/logo\/image\/"},"sameAs":["https:\/\/www.facebook.com\/wexfm\/","https:\/\/x.com\/wex_fm","https:\/\/www.linkedin.com\/company\/wex_facility\/"]}]}},"_links":{"self":[{"href":"https:\/\/www.wexfm.pl\/index.php\/wp-json\/wp\/v2\/pages\/744","targetHints":{"allow":["GET"]}}],"collection":[{"href":"https:\/\/www.wexfm.pl\/index.php\/wp-json\/wp\/v2\/pages"}],"about":[{"href":"https:\/\/www.wexfm.pl\/index.php\/wp-json\/wp\/v2\/types\/page"}],"author":[{"embeddable":true,"href":"https:\/\/www.wexfm.pl\/index.php\/wp-json\/wp\/v2\/users\/1"}],"replies":[{"embeddable":true,"href":"https:\/\/www.wexfm.pl\/index.php\/wp-json\/wp\/v2\/comments?post=744"}],"version-history":[{"count":45,"href":"https:\/\/www.wexfm.pl\/index.php\/wp-json\/wp\/v2\/pages\/744\/revisions"}],"predecessor-version":[{"id":1589,"href":"https:\/\/www.wexfm.pl\/index.php\/wp-json\/wp\/v2\/pages\/744\/revisions\/1589"}],"wp:attachment":[{"href":"https:\/\/www.wexfm.pl\/index.php\/wp-json\/wp\/v2\/media?parent=744"}],"curies":[{"name":"wp","href":"https:\/\/api.w.org\/{rel}","templated":true}]}}